{"id":78,"date":"2020-01-28T06:12:43","date_gmt":"2020-01-28T06:12:43","guid":{"rendered":"http:\/\/ttc-rieseberg-scheppau.de\/?page_id=78"},"modified":"2025-12-15T09:27:41","modified_gmt":"2025-12-15T09:27:41","slug":"tischtennis","status":"publish","type":"page","link":"http:\/\/ttc-rieseberg-scheppau.de\/?page_id=78","title":{"rendered":"Tischtennis"},"content":{"rendered":"\r\n<figure class=\"wp-block-image is-style-default\" style=\"padding-left: 120px;\"><img loading=\"lazy\" decoding=\"async\" class=\"alignnone  wp-image-816\" src=\"http:\/\/ttc-rieseberg-scheppau.de\/wp-content\/uploads\/2023\/09\/719b3f8e-2a98-457c-9ebf-4db355f592d8.jpg\" alt=\"\" width=\"733\" height=\"459\" srcset=\"http:\/\/ttc-rieseberg-scheppau.de\/wp-content\/uploads\/2023\/09\/719b3f8e-2a98-457c-9ebf-4db355f592d8.jpg 1760w, http:\/\/ttc-rieseberg-scheppau.de\/wp-content\/uploads\/2023\/09\/719b3f8e-2a98-457c-9ebf-4db355f592d8-300x188.jpg 300w, http:\/\/ttc-rieseberg-scheppau.de\/wp-content\/uploads\/2023\/09\/719b3f8e-2a98-457c-9ebf-4db355f592d8-1024x641.jpg 1024w, http:\/\/ttc-rieseberg-scheppau.de\/wp-content\/uploads\/2023\/09\/719b3f8e-2a98-457c-9ebf-4db355f592d8-768x481.jpg 768w, http:\/\/ttc-rieseberg-scheppau.de\/wp-content\/uploads\/2023\/09\/719b3f8e-2a98-457c-9ebf-4db355f592d8-1536x962.jpg 1536w, http:\/\/ttc-rieseberg-scheppau.de\/wp-content\/uploads\/2023\/09\/719b3f8e-2a98-457c-9ebf-4db355f592d8-2x1.jpg 2w\" sizes=\"auto, (max-width: 733px) 100vw, 733px\" \/><\/figure>\r\n\r\n\r\n\r\n<p><strong>Tischtennis &#8211; Die Gr\u00fcndungssparte<\/strong><\/p>\r\n\r\n\r\n\r\n<p>Als im Jahre 1948 der TTC das Licht der Welt erblickte war das auch der Startschuss f\u00fcr unsere Tischtennissparte. Aktuell bestehen unsere\u00a0 drei Tischtennis Mannschaften aus 17 aktiven Spielern, die in der 2.Kreisklasse Helmstedt Nord und 4 KK. Helmstedt Nord auf Punktejagd gehen.\u00a0 Unsere Tischtennisspieler sind nicht nur am Tisch sehr aktiv, sondern unternehmen regelm\u00e4\u00dfig Ausfl\u00fcge, Weihnachtsfeiern und andere Veranstaltungen, um das Teamgef\u00fchl zu festigen.<\/p>\r\n\r\n\r\n\r\n<p><span style=\"color: #0000ff;\"><strong>19.11.202<span style=\"color: #0000ff;\">5 &#8211; <\/span><\/strong><strong data-start=\"2426\" data-end=\"2469\">Saisonstart 25\/26 (seit September 2025)<\/strong><\/span><\/p>\r\n<h5 data-start=\"2472\" data-end=\"2546\">Die neue Saison ist erst wenige Monate alt, aber man merkt es jetzt schon:<\/h5>\r\n<ul data-start=\"2548\" data-end=\"2775\">\r\n<li data-start=\"2548\" data-end=\"2607\">\r\n<h5 data-start=\"2550\" data-end=\"2607\">Die <strong data-start=\"2554\" data-end=\"2571\">1. Mannschaft<\/strong> wirkt stabiler und eingespielter.<\/h5>\r\n<\/li>\r\n<li data-start=\"2608\" data-end=\"2664\">\r\n<h5 data-start=\"2610\" data-end=\"2664\">Die <strong data-start=\"2614\" data-end=\"2631\">2. Mannschaft<\/strong> kn\u00fcpft an ihre alte St\u00e4rke an.<\/h5>\r\n<\/li>\r\n<li data-start=\"2665\" data-end=\"2775\">\r\n<h5 data-start=\"2667\" data-end=\"2775\">Die <strong data-start=\"2671\" data-end=\"2688\">3. Mannschaft<\/strong> sorgt wie immer f\u00fcr Stimmung, f\u00fcr \u00dcberraschungen \u2013 und manchmal auch f\u00fcr Nervenkitzel.<\/h5>\r\n<\/li>\r\n<\/ul>\r\n<h5 data-start=\"2777\" data-end=\"2880\">Es wird wieder knapp, spannend, lustig, dramatisch \u2013 kurz: genau so, wie Tischtennis beim TTC eben ist.<\/h5>\r\n<h5 data-start=\"2882\" data-end=\"2917\"><strong data-start=\"2886\" data-end=\"2917\">Alles rund ums Vereinsleben<\/strong><\/h5>\r\n<ul data-start=\"2918\" data-end=\"3554\">\r\n<li data-start=\"2918\" data-end=\"3166\">\r\n<h5 data-start=\"2920\" data-end=\"3166\"><strong data-start=\"2920\" data-end=\"2933\">Training:<\/strong> In beiden Sommerpausen (2024\/25 und wieder 2025) wurde trotzdem flei\u00dfig trainiert. Seit Saisonstart 25\/26 ist der Gemeindekrug wieder voll \u2013 manchmal so voll, dass man nicht sicher ist, ob wir Tische oder Parkplatzmarkierungen brauchen. \ud83d\ude09<\/h5>\r\n<\/li>\r\n<li data-start=\"3167\" data-end=\"3222\">\r\n<h5 data-start=\"3169\" data-end=\"3222\"><strong data-start=\"3169\" data-end=\"3182\">Material:<\/strong> Alles funktionsf\u00e4hig, alles gepflegt.<\/h5>\r\n<\/li>\r\n<li data-start=\"3223\" data-end=\"3343\">\r\n<h5 data-start=\"3225\" data-end=\"3343\"><strong data-start=\"3225\" data-end=\"3238\">Stimmung:<\/strong> Super! Egal ob Punktspiel, Training oder die \u201edritte Halbzeit\u201c, die manchmal l\u00e4nger dauert als Satz 5.<\/h5>\r\n<\/li>\r\n<li data-start=\"3450\" data-end=\"3554\">\r\n<h5 data-start=\"3452\" data-end=\"3554\"><strong data-start=\"3452\" data-end=\"3471\">Neue Gesichter:<\/strong> Uwe L\u00fcddecke unterst\u00fctzt uns hin und wieder mit seiner langj\u00e4hrigen Erfahrung beim Training. Einige Spieler saugen seine Anmerkungen und Hinweise besser auf als jeder Schwamm.<\/h5>\r\n<\/li>\r\n<\/ul>\r\n<h5 data-start=\"3556\" data-end=\"3572\"><strong data-start=\"3560\" data-end=\"3572\">Ausblick<\/strong><\/h5>\r\n<h5 data-start=\"3573\" data-end=\"3778\">Die Saison 25\/26 ist noch frisch, die Motivation hoch, und wir haben noch viele spannende Spiele vor uns.<br data-start=\"3678\" data-end=\"3681\" \/>Ziel f\u00fcr alle Teams: <strong data-start=\"3702\" data-end=\"3778\">Spa\u00df, Zusammenhalt und der ein oder andere Sieg, den niemand kommen sah.<\/strong><\/h5>\r\n<p><span style=\"color: #0000ff;\"><strong>11.04.2024 &#8211; Doppelaufstieg ist geschafft.<\/strong><\/span><\/p>\r\n<p>Die Saison 23\/24 ist beendet und sowohl die Erste als auch die Zweite Mannschaft des TTC konnten sich als Meister seiner Spielklasse den Aufstieg sichern. Die zweite Mannschaft machte bereits drei Spieltage vor Ende alles klar und wurde ohne Niederlage Meister der 4. KK Nord. Wenige Tage sp\u00e4ter zog die Erstvertretung der Rieseberger nach und feierte ebenfalls die Meisterschaft. Dies ist ein tolles Ergebnis, welches es so in der j\u00fcngsten Vergangenheit der Tischtennissparte nicht gab. Hut ab!<br \/>Die neu gemeldete Dritte Mannschaft kann auf ihre erste Saison ebenfalls aufbauen. Man erreichte den 8 Platz und \u00fcberlies die rote Laterne den Grafhorstern. Einige knappe Spiele, die durchaus auch f\u00fcr uns ausfallen h\u00e4tten k\u00f6nnen, machen Mut f\u00fcr die kommende Spielzeit, denn die Begeisterung und der Flei\u00df im Training ebben nicht ab. Mit Jochen Hausmann hat man bereits den n\u00e4chsten vielversprechenden Spieler gewinnen k\u00f6nnen. Also weiter so&#8230;<br \/><br \/><span style=\"color: #0000ff;\">Ausblick:<\/span><br \/>In der kommende Spielzeit 24\/25 wird es im Kreis Helmstedt eine Klassenreform geben und somit die Spielklassen neu aufgestellt. Es wird keine Klassifizierung in Nord und S\u00fcd Staffel mehr geben. Details und die genaue Einteilung wird noch ermittelt.<\/p>\r\n<p><span style=\"color: #0000ff;\">Sonstiges:<\/span><br \/>Am Gr\u00fcndonnerstag fand unser traditioneller Sch\u00e4rpenball im Gemeindekrug statt. Im Gemeindekrug , geschm\u00fcckt in unseren Blau Gelben Farben, lie\u00dfen wir uns zusammen mit unseren Familien\u00a0 Spanferkel und einige andere Leckereien schmecken.\u00a0 Bis tief in die Nacht (oder besser: bis in die Morgenstunden) feierten wir mit k\u00fchlen Getr\u00e4nken, Tischkicker und Dartscheibe uns selbst. \ud83d\ude09\u00a0<br \/>Ein kleines Riesebergquiz und die offizielle Zeremonie inklusive Sch\u00e4rpen\u00fcbergabe machten den Tag zu einem vollen Erfolg.<\/p>\r\n<p>F\u00fcr den Kreisvorgabepokal stellten wir ebenfalls wieder ein Team. Hier konnten wir leider keinen Sieg verbuchen und schieden in der Vorrunde aus. Da nur wenige meist h\u00f6her spielende Vereine f\u00fcr diese Wettbewerb gemeldet haben, fanden wir uns in einer denkbar schweren Gruppe mit Germania Helmstedt, TSG K\u00f6nigslutter und SV Esbeck wieder. Hier spielten Spieler, die teilweise 5 Liegen h\u00f6her spielen als wir, weswegen dieser Wettbewerb nicht wirklich erquickend f\u00fcr uns war. Eine erneute Teilnahme unter dieser Konstellation wurde in Frage gestellt.<\/p>\r\n<p>Ping Pong<\/p>\r\n<p><strong><span style=\"color: #0000ff;\">22.08.2023 &#8211; Neue Saison steht vor der T\u00fcr.<\/span><\/strong><\/p>\r\n<p>R\u00fcckblick Saison 2022\/23<br \/>Die erste Herren konnte einen gesicherten Mittelfeldplatz in der 2.KK Nord belegen. Mit 6 Siegen, 2 Unentschieden und 4 Niederlagen aus 12 Spielen belegte man den 4 Tabellenplatz. Erfreulich hierbei ist es, das unser Sportkamerad Gerry in der Spieler Rangliste den zweiten Platz belegte. Auch im Doppel mit Jan konnte das Duo den zweiten Platz der gesamten Liga erreichen.<br \/>Die zweite Mannschaft verpasste denkbar knapp die Aufstiegsr\u00e4nge und musste sich mit dem Dritten Tabellenplatz von 10 Mannschaften (10 Siege, 3 Unentschieden, 3 Niederlagen) zufriedengeben. Dies ist allerdings mehr als bemerkenswert, handelt es sich um die erste komplett gespielte Saison der &#8222;neuen&#8220; Mannschaft. Hervorzuheben ist hierbei Ole, der in der Rangliste alle anderen Spieler hinter sich lassen konnte und somit f\u00fcr den TTC den besten Spieler der Liga stellt. Ebenso das Doppel Rasch\/Eckart setzte sich an die Spitze der Rangliste.<\/p>\r\n<p>Vorschau Saison 2023\/24<br \/>Nach der Saison ist vor der Saison. Als erste Veranstaltung hielt man bei Gegrilltem und Kaltgetr\u00e4nken die erste Abteilungsversammlung der Geschichte des Tischtennis im TTC Rieseberg ab. Durch den stetigen Zuwachs an Spielern war dies notwendig. Der erfreulichste Tagespunkt war der Beschluss, eine dritte Mannschaft f\u00fcr den Wettkampfbetrieb zu melden. So etwas gab es in Rieseberg auch noch nie. Somit gehen die drei Mannschaften wie folgt in die neue Spielzeit:<\/p>\r\n<ol>\r\n<li>Herren: 2. Kreisklasse Nord Helmstedt<\/li>\r\n<li>Herren: 4. Kreisklasse Nord Helmstedt<\/li>\r\n<li>Herren: 4. Kreisklasse Nord Helmstedt<\/li>\r\n<\/ol>\r\n<p>Die Vorbereitung l\u00e4uft gut an. Die Trainingsbeteiligung k\u00f6nnte in der Sommerzeit nat\u00fcrlich etwas h\u00f6her sein, aber man sp\u00fcrt, das alle motiviert sind die Punkt f\u00fcr die Blau-Gelben Farben einzufahren. Beginnen wird die Saison am 11.09.2023 gleich mit dem Duell der Zweiten gegen die Dritte Mannschaft im heimischen Gemeindekrug.<br \/>In Vorbereitung auf die neue Saison gab\/gibt es auch drei Testspiele und Anfang September steht noch die Mannschaftsfahrt nach Magdeburg als Teambuildingevent auf dem Programm.<\/p>\r\n<p><img loading=\"lazy\" decoding=\"async\" class=\"alignnone  wp-image-801\" src=\"http:\/\/ttc-rieseberg-scheppau.de\/wp-content\/uploads\/2023\/08\/PHOTO-2023-08-18-19-03-41-1.jpg\" alt=\"\" width=\"914\" height=\"514\" srcset=\"http:\/\/ttc-rieseberg-scheppau.de\/wp-content\/uploads\/2023\/08\/PHOTO-2023-08-18-19-03-41-1.jpg 1600w, http:\/\/ttc-rieseberg-scheppau.de\/wp-content\/uploads\/2023\/08\/PHOTO-2023-08-18-19-03-41-1-300x169.jpg 300w, http:\/\/ttc-rieseberg-scheppau.de\/wp-content\/uploads\/2023\/08\/PHOTO-2023-08-18-19-03-41-1-1024x576.jpg 1024w, http:\/\/ttc-rieseberg-scheppau.de\/wp-content\/uploads\/2023\/08\/PHOTO-2023-08-18-19-03-41-1-768x432.jpg 768w, http:\/\/ttc-rieseberg-scheppau.de\/wp-content\/uploads\/2023\/08\/PHOTO-2023-08-18-19-03-41-1-1536x864.jpg 1536w, http:\/\/ttc-rieseberg-scheppau.de\/wp-content\/uploads\/2023\/08\/PHOTO-2023-08-18-19-03-41-1-2x1.jpg 2w, http:\/\/ttc-rieseberg-scheppau.de\/wp-content\/uploads\/2023\/08\/PHOTO-2023-08-18-19-03-41-1-700x394.jpg 700w\" sizes=\"auto, (max-width: 914px) 100vw, 914px\" \/><br \/>Testspiel gegen den TTC Magni V \/ VI in Braunschweig<\/p>\r\n<p><strong>Tabellen und Spielpl\u00e4ne:<br \/><\/strong>TTC I (2.Kreisklasse Nord):<br \/><a href=\"https:\/\/www.mytischtennis.de\/clicktt\/TTVN\/23-24\/ligen\/2-Kreisklasse-Nord\/gruppe\/449248\/tabelle\/gesamt\">myTischtennis.de &#8211; click-TT &#8211; Tischtennis-Kreisverband Helmstedt 2023\/24 &#8211; 2. Kreisklasse Herren Nord<\/a><\/p>\r\n<p>TTC II und III (4.Kreisklasse Nord)<br \/><a href=\"https:\/\/www.mytischtennis.de\/clicktt\/TTVN\/23-24\/ligen\/4-Kreisklasse-Nord\/gruppe\/449282\/tabelle\/gesamt\">myTischtennis.de &#8211; click-TT &#8211; Tischtennis-Kreisverband Helmstedt 2023\/24 &#8211; 4. Kreisklasse Herren Nord<\/a><\/p>\r\n<p><strong><span style=\"color: #0000ff;\">30.03.2023 Endspurt der Saison 22\/23<\/span><\/strong><\/p>\r\n<p>Es ist Ende M\u00e4rz und die R\u00fcckrunde und damit auch die Saison 2022\/23 neigt sich dem Ende. Die Erste Herren konnte sich im gesicherten Mittelfeld der 2.KK Nord Helmstedt platzieren und auch die letzten ausstehenden Spiele werden am Tabellenplatz nichts mehr \u00e4ndern. Die Zweite Herren wird ihren starken dritten Platz behalten. Angesichts der ersten komplett gespielten Saison seit Meldung der zweiten Mannschaft ein echter Erfolg. Mit Ole stellen wir auch einen der besten Spieler der gesamten 4.Kreiklasse Helmstedt. Im Januar haben wir mit zwei Mannschaften am Stadtpokal K\u00f6nigslutter in den R\u00e4umlichkeiten der TSG teilgenommen. Hier konnten wir den 12 und 4 Platz f\u00fcr uns verbuchen. Im Kreisvorgabepokal Helmstedt sind beide Teams leider in der Vorrunde ausgeschieden. Da f\u00fcr diesen Pokal haupts\u00e4chlich Mannschaften aus der Kreisliga Helmstedt gemeldet haben, war dies ein nicht \u00fcberraschendes Ergebnis. Im Februar folgte die Wintermannschaftsfahrt nach Bremen. Zw\u00f6lf Sportkameraden, unter der Reiseleitung Carsten Klezaht\u00b4s, erlebten eine traditionelle &#8222;Kohl und Pinkel Tour&#8220; mit Bollerwagen und diversen Kaltgetr\u00e4nken. Der kulturelle Aspekt kam hier, bei einer Stadttour mit zahlreichen Sehensw\u00fcrdigkeiten und Informationen zu Stadt und Leute , nicht zu kurz. Den Abend lie\u00dfen wir auf einer Kohlparty in einer Brauerei bei Gr\u00fcnkohl und Bregenwurst ausklingen.<br \/>Als n\u00e4chstes steht der Sch\u00e4rpenball vor der T\u00fcr, bei dem wir auch unser neustes Mitglied Florian Majewski offiziell in unseren Reihen begr\u00fc\u00dfen k\u00f6nnen. F\u00fcr die kommende Saison 2023\/2024 gibt es bereits erste \u00dcberlegungen eine Dritte Mannschaft f\u00fcr den Spielbetrieb zu melden. Mal sehen ob das klappt.<br \/>Bis dahin verbleibe ich mit einem Ping &#8230;. Pong<\/p>\r\n<div id=\"attachment_759\" style=\"width: 275px\" class=\"wp-caption alignleft\"><img loading=\"lazy\" decoding=\"async\" aria-describedby=\"caption-attachment-759\" class=\"wp-image-759\" src=\"http:\/\/ttc-rieseberg-scheppau.de\/wp-content\/uploads\/2023\/03\/d19943e2-4480-471f-8d30-8078e02dc7bd-300x225.jpg\" alt=\"\" width=\"265\" height=\"199\" srcset=\"http:\/\/ttc-rieseberg-scheppau.de\/wp-content\/uploads\/2023\/03\/d19943e2-4480-471f-8d30-8078e02dc7bd-300x225.jpg 300w, http:\/\/ttc-rieseberg-scheppau.de\/wp-content\/uploads\/2023\/03\/d19943e2-4480-471f-8d30-8078e02dc7bd-1024x768.jpg 1024w, http:\/\/ttc-rieseberg-scheppau.de\/wp-content\/uploads\/2023\/03\/d19943e2-4480-471f-8d30-8078e02dc7bd-768x576.jpg 768w, http:\/\/ttc-rieseberg-scheppau.de\/wp-content\/uploads\/2023\/03\/d19943e2-4480-471f-8d30-8078e02dc7bd-1536x1152.jpg 1536w, http:\/\/ttc-rieseberg-scheppau.de\/wp-content\/uploads\/2023\/03\/d19943e2-4480-471f-8d30-8078e02dc7bd-1x1.jpg 1w, http:\/\/ttc-rieseberg-scheppau.de\/wp-content\/uploads\/2023\/03\/d19943e2-4480-471f-8d30-8078e02dc7bd.jpg 1600w\" sizes=\"auto, (max-width: 265px) 100vw, 265px\" \/><p id=\"caption-attachment-759\" class=\"wp-caption-text\">Kohl- und Pinkeltour Bremen<\/p><\/div>\r\n<div id=\"attachment_761\" style=\"width: 267px\" class=\"wp-caption alignleft\"><img loading=\"lazy\" decoding=\"async\" aria-describedby=\"caption-attachment-761\" class=\"wp-image-761\" src=\"http:\/\/ttc-rieseberg-scheppau.de\/wp-content\/uploads\/2023\/03\/PHOTO-2023-02-04-23-55-52-300x225.jpg\" alt=\"\" width=\"257\" height=\"193\" srcset=\"http:\/\/ttc-rieseberg-scheppau.de\/wp-content\/uploads\/2023\/03\/PHOTO-2023-02-04-23-55-52-300x225.jpg 300w, http:\/\/ttc-rieseberg-scheppau.de\/wp-content\/uploads\/2023\/03\/PHOTO-2023-02-04-23-55-52-1024x768.jpg 1024w, http:\/\/ttc-rieseberg-scheppau.de\/wp-content\/uploads\/2023\/03\/PHOTO-2023-02-04-23-55-52-768x576.jpg 768w, http:\/\/ttc-rieseberg-scheppau.de\/wp-content\/uploads\/2023\/03\/PHOTO-2023-02-04-23-55-52-1536x1152.jpg 1536w, http:\/\/ttc-rieseberg-scheppau.de\/wp-content\/uploads\/2023\/03\/PHOTO-2023-02-04-23-55-52-1x1.jpg 1w, http:\/\/ttc-rieseberg-scheppau.de\/wp-content\/uploads\/2023\/03\/PHOTO-2023-02-04-23-55-52.jpg 1600w\" sizes=\"auto, (max-width: 257px) 100vw, 257px\" \/><p id=\"caption-attachment-761\" class=\"wp-caption-text\">Kohlk\u00f6nig 2023 &#8211; Jan<\/p><\/div>\r\n<div id=\"attachment_760\" style=\"width: 222px\" class=\"wp-caption alignleft\"><img loading=\"lazy\" decoding=\"async\" aria-describedby=\"caption-attachment-760\" class=\"wp-image-760 \" src=\"http:\/\/ttc-rieseberg-scheppau.de\/wp-content\/uploads\/2023\/03\/PHOTO-2023-03-04-01-03-11-300x225.jpg\" alt=\"\" width=\"212\" height=\"159\" srcset=\"http:\/\/ttc-rieseberg-scheppau.de\/wp-content\/uploads\/2023\/03\/PHOTO-2023-03-04-01-03-11-300x225.jpg 300w, http:\/\/ttc-rieseberg-scheppau.de\/wp-content\/uploads\/2023\/03\/PHOTO-2023-03-04-01-03-11-768x576.jpg 768w, http:\/\/ttc-rieseberg-scheppau.de\/wp-content\/uploads\/2023\/03\/PHOTO-2023-03-04-01-03-11-1x1.jpg 1w, http:\/\/ttc-rieseberg-scheppau.de\/wp-content\/uploads\/2023\/03\/PHOTO-2023-03-04-01-03-11.jpg 1024w\" sizes=\"auto, (max-width: 212px) 100vw, 212px\" \/><p id=\"caption-attachment-760\" class=\"wp-caption-text\">Vertragsverhandlungen<\/p><\/div>\r\n<p>&nbsp;<\/p>\r\n<p>&nbsp;<\/p>\r\n<p>&nbsp;<\/p>\r\n<p>&nbsp;<\/p>\r\n<p>&nbsp;<\/p>\r\n<p>&nbsp;<\/p>\r\n<p>&nbsp;<\/p>\r\n<p><strong><span class=\"has-inline-color\" style=\"color: #0614e5;\">15.09.2022: Die n\u00e4chste Spielzeit steht vor der T\u00fcr<\/span><\/strong><\/p>\r\n\r\n\r\n\r\n<p>F\u00fcr beide Mannschaften stehen die ersten Spiele der kommenden Saison 22\/23 auf der Timeline. Nach langer Pause durch den Abbruch der Saison 21\/22 und nur vereinzelten Testspielen geht es nun endlich wieder los mit dem Spielbetrieb. Der TTC I startet in der 2. Kreisklasse Nord und die Zweitvertretung geht in der 4.Kreiklasse Nord auf Punktejagd. Erfreulich ist, das wir unseren Kader trotz des fehlenden Spielbetriebes erweitern konnten. Mit Nils Manning, Christian Renneberg und Andreas Renneberg begr\u00fc\u00dfen wir drei weitere Spieler, die uns nicht nur am Tisch verst\u00e4rken sondern auch das Mannschaftsgef\u00fcge bereichern.<\/p>\r\n\r\n\r\n\r\n\r\n\r\n<p><strong><span class=\"has-inline-color\" style=\"color: #072ff7;\">10.03.2022: Saisonabbruch 2021\/22<\/span><\/strong><\/p>\r\n\r\n\r\n\r\n<p>Wegen der anhaltenden Pandemie und der Hochphase der Omikron Variante des Coronavirus wurde die Saison leider abgebrochen. Die ausstehenden Partien der Hinrunde sollen noch durchgef\u00fchrt werden, um eine repr\u00e4sentative Tabelle abbilden und dadurch Auf- und Absteiger zu ermitteln zu k\u00f6nnen. F\u00fcr die Mannschaften des TTC hat dies keine weiterreichenden Auswirkungen. Die erste Herren steht im gesicherten Mittelfeld mit Blick nach oben. F\u00fcr die Zweitvertretung ist der Abbruch mal wieder besonders bitter, da man dringend Spieleerfahrung ben\u00f6tigt, um die Leistungskurve weiterhin nach oben schie\u00dfen zu lassen. Die letzten ausgetragenen Partien zeigten dort eine klare Tendenz nach oben.<\/p>\r\n\r\n\r\n\r\n<p>Bis zum Start der neuen Saison werden wir uns weiterhin regelm\u00e4\u00dfig zum Training treffen und das ein oder andere Testspiel zu organisieren. Die n\u00e4chste Mannschaftsfahrt f\u00fchrt uns Anfang Mai in den Spreewald.<\/p>\r\n\r\n\r\n\r\n<p><strong><span style=\"color: #0000ff;\">01.09.2021: Aufbruch in die neue Saison 2021\/22<\/span><\/strong><\/p>\r\n\r\n\r\n\r\n<p>Es geht wieder los&#8230; Die neue Spielzeit steht vor der T\u00fcr und der TTC geht erneut mit zwei Mannschaften an den Start. Die I. startet in der 2. Kreisklasse Nord und die II. Herren hofft auf mehr Spiele als in der abgebrochenen Saison 20\/21 in der 4.Kreiklasse Nord. Der Trainingsbetrieb l\u00e4uft seit M\u00e4rz, unter den jeweiligen Coronabestimmungen, auf Hochtouren. Anf\u00e4nglich durften wir lediglich in festen Zweierteams trainieren, aber mittlerweile ist mit 6-10 Trainingsw\u00fctigen ein reger Betrieb auf dem Saal im Gemeindekrug. An der Stelle nochmal recht herzlichen Dank an die Spende von Banden von Marcel. Diese dienen dazu die Spielbereiche unserer drei Tische zu trennen und sorgt daf\u00fcr, das die B\u00e4lle dort bleiben wo sie auch gespielt werden. Ein weiterer Schritt um qualitatives Training anzubieten. Der Aufschwung gerade in der zweiten Mannschaft geht weiter. Zur neuen Saison d\u00fcrfen wir zwei neue Spieler begr\u00fc\u00dfen, die gemeinsam mit der bestehenden Mannschaft auf Punktejagd gehen wird. Ziel beider Mannschaften ist es sich bestm\u00f6glich zu verkaufen. Dabei wird die erste Herren sicherlich eine gute Rolle in ihrer Klasse spielen. Die zweite Herren hofft, das die Spielzeit komplett durchgef\u00fchrt werden kann und man dadurch mehr Spielpraxis bekommt und vielleicht auch die ersten Punkte einfahren kann. Ziel (optimistisch) = einstelliger Tabellenplatz.<\/p>\r\n\r\n\r\n\r\n<p>Das Aussersportliche kommt nat\u00fcrlich auch nicht zu kurz und so wurde vom Festausschuss nicht nur eine gemeinsame Mannschaftsfahrt im November geplant, sondern gelang es uns auch endlich den Outdoortisch (platte) auf dem Spielplatz einzuweihen. Bei Grillgut, Salate und Kaltgetr\u00e4nken wurde der Teamgeist gest\u00e4rkt, auf die kommende Saison eingeschworen und nat\u00fcrlich einen Rundlaufk\u00f6nig ausgespielt. Impressionen siehe unten.<br \/>Ping Pong<\/p>\r\n\r\n\r\n\r\n<p><span style=\"color: #0000ff;\"><span style=\"color: #0000ff;\"><b>07.04.2021: Abbruch Saison 20\/21<\/b><\/span><br \/><span style=\"color: #0000ff;\"><span style=\"color: #000000;\">Aufgrund der vorherrschenden\u00a0Corona Situation hat der Tischtennisverband recht fr\u00fchzeitig die komplette Spielzeit annulliert. Dies hat zur Folge, das die Saison nicht gewertet wird und die Mannschaften in ihren Spielzeiten auch f\u00fcr die kommende Saison gesetzt sind. Die 1. Herrenmannschaft ist gut in die Saison gestartet und konnte sich mit einigen Siegen in der oberen Tabellenh\u00e4lfte festsetzen. Dabei zeigte sich der regelm\u00e4\u00dfige Trainingsbetrieb im\u00a0 Gemeindekrug als positiver Faktor.\u00a0<\/span><b><br \/><\/b><\/span><span style=\"color: #000000;\">Die 2. Herrenmannschaft musste einiges an Lehrgeld in den ersten Spielen zahlen. Dies war und ist aber allen &#8222;Rookies&#8220; bewusst und wirkt sich nicht negativ auf die Laune und Einsatzbereitschaft aus. Dabei lies sich auch ein leichter Aufw\u00e4rtstrend erkennen und die ersten Spiele wurden gewonnen. Mit neuem Material wollten alle das gesteckte Ziel, einstelliger Tabellenplatz, erreichen.<\/span><br \/><span style=\"color: #000000;\">Der Abbruch und die damit auch verbundenen Trainingsfreie Zeit war f\u00fcr uns ein Nackenschlag. Mittlerweile k\u00f6nnen wir unter Corona Bedingungen in zweier Gruppen wieder Trainieren und hoffen, das die kommende Spielzeit wie geplant starten kann.<\/span><br \/><span style=\"color: #000000;\">Dann hei\u00dft es wieder k\u00e4mpfen und Siegen&#8230;.<\/span><br \/><span style=\"color: #000000;\">Ping Pong<\/span><\/span><strong><span style=\"color: #0000ff;\"><br \/><\/span><\/strong><\/p>\r\n\r\n\r\n\r\n<p><span style=\"color: #0000ff;\"><strong>30.07.2020: I. Mannschaft steigt ab. II. Mannschaft nimmt Spielbetrieb auf.\u00a0<\/strong><\/span><\/p>\r\n\r\n\r\n\r\n<p>Durch den Corona-bedingten Abbruch der Saison 19\/20 wurde die Hinrundentabelle eingefroren und gewertet. Dies hatte leider zur Folge, das die I. Mannschaft den Gang in die II.Kreisklasse Nord antreten musste.<br \/>Ab der kommenden Saison 20\/21 ist es uns gelungen eine II. Mannschaft in der IV.Kreisklasse Nord zu melden. Der Verein freut sich sehr, auch in der Gr\u00fcndungssparte Tischtennis &#8222;Nachwuchs&#8220; verzeichnen zu k\u00f6nnen. Die auf der Weihnachtsfeier geborene Idee, festigte sich in den K\u00f6pfen der &#8222;Neuzug\u00e4nge&#8220; und m\u00fcndete in hoch motivierten Trainingseinheiten, die zu der Entscheidung f\u00fchrten das Abenteuer Tischtennis im\u00a0 Wettkampf anzugehen. Top ausger\u00fcstet in neuer blau gelben Spielbekleidung aus dem hauseigenen Fanshop des TTC\u00b4s und unter Anleitung der erfahrenen Spieler der I. Mannschaft bereiten wir uns gemeinsam auf die im September startende Saison vor. Wir hoffen euch sp\u00e4testens auf der JHV im Januar \u00fcber die hoffentlich positiven Entwicklungen informieren zu k\u00f6nnen.<br \/>Bis dahin ein Ping Pong in die Runde.<\/p>\r\n\r\n\r\n<hr \/>\r\n\r\n\r\n<p><strong>I. Mannschaft<\/strong><br \/>Carsten Gehrmann<br \/>Alexander Hoppe<br \/>Rene Lempereur<br \/>Jan Wildenhain<br \/><br \/><strong>II. Mannschaft<\/strong><br \/>David Rosilius<br \/>Ole Rasch<br \/>Chris Eckart<br \/>Timo Kohn<\/p>\r\n\r\n\r\n\r\n<p><strong>III. Mannschaft<br \/><\/strong>Robert Fehse<br \/>Florian Majewski<br \/>Tobias Barsch<br \/>Tobias Giere<br \/>Andreas Renneberg<br \/>Marcel W\u00e4rmer<br \/>Nils Manning<br \/>Christian\u00a0 Renneberg<br \/>Holger Heine<br \/>Nicole Benthues<br \/>Jochen Hausmann<br \/>Elke Gehrmann<br \/>Ferdinand Schink<br \/>Benjamin Barsch<\/p>\r\n\r\n\r\n\r\n\r\n\r\n<p><strong>Training:<\/strong><\/p>\r\n\r\n\r\n\r\n<p>Montags &amp; Mittwochs: 18:30 Uhr<\/p>\r\n\r\n\r\n\r\n<p>Spartenleiter: David Rosilius<\/p>\r\n\r\n\r\n\r\n<p>&nbsp;<\/p>\r\n\r\n\r\n\r\n<figure class=\"wp-block-gallery columns-3 is-cropped wp-block-gallery-1 is-layout-flex wp-block-gallery-is-layout-flex\">\r\n<ul class=\"blocks-gallery-grid\">\r\n<li class=\"blocks-gallery-item\">\u00a0<\/li>\r\n<li class=\"blocks-gallery-item\">\u00a0<\/li>\r\n<li class=\"blocks-gallery-item\">\r\n<figure><img loading=\"lazy\" decoding=\"async\" width=\"1024\" height=\"768\" class=\"wp-image-495\" src=\"http:\/\/ttc-rieseberg-scheppau.de\/wp-content\/uploads\/2021\/09\/c8e6a65a-012b-4895-b23b-86b59e333da8-2-1024x768.jpg\" alt=\"\" data-id=\"495\" data-full-url=\"http:\/\/ttc-rieseberg-scheppau.de\/wp-content\/uploads\/2021\/09\/c8e6a65a-012b-4895-b23b-86b59e333da8-2.jpg\" data-link=\"http:\/\/ttc-rieseberg-scheppau.de\/?attachment_id=495#main\" srcset=\"http:\/\/ttc-rieseberg-scheppau.de\/wp-content\/uploads\/2021\/09\/c8e6a65a-012b-4895-b23b-86b59e333da8-2-1024x768.jpg 1024w, http:\/\/ttc-rieseberg-scheppau.de\/wp-content\/uploads\/2021\/09\/c8e6a65a-012b-4895-b23b-86b59e333da8-2-300x225.jpg 300w, http:\/\/ttc-rieseberg-scheppau.de\/wp-content\/uploads\/2021\/09\/c8e6a65a-012b-4895-b23b-86b59e333da8-2-768x576.jpg 768w, http:\/\/ttc-rieseberg-scheppau.de\/wp-content\/uploads\/2021\/09\/c8e6a65a-012b-4895-b23b-86b59e333da8-2-1536x1152.jpg 1536w, http:\/\/ttc-rieseberg-scheppau.de\/wp-content\/uploads\/2021\/09\/c8e6a65a-012b-4895-b23b-86b59e333da8-2-1x1.jpg 1w, http:\/\/ttc-rieseberg-scheppau.de\/wp-content\/uploads\/2021\/09\/c8e6a65a-012b-4895-b23b-86b59e333da8-2.jpg 1600w\" sizes=\"auto, (max-width: 1024px) 100vw, 1024px\" \/><\/figure>\r\n<\/li>\r\n<li class=\"blocks-gallery-item\">\r\n<figure><img loading=\"lazy\" decoding=\"async\" width=\"1024\" height=\"768\" class=\"wp-image-496\" src=\"http:\/\/ttc-rieseberg-scheppau.de\/wp-content\/uploads\/2021\/09\/44ecb8f0-7650-4494-9a76-48be4c5747eb-1-1024x768.jpg\" alt=\"\" data-id=\"496\" data-full-url=\"http:\/\/ttc-rieseberg-scheppau.de\/wp-content\/uploads\/2021\/09\/44ecb8f0-7650-4494-9a76-48be4c5747eb-1.jpg\" data-link=\"http:\/\/ttc-rieseberg-scheppau.de\/?attachment_id=496#main\" srcset=\"http:\/\/ttc-rieseberg-scheppau.de\/wp-content\/uploads\/2021\/09\/44ecb8f0-7650-4494-9a76-48be4c5747eb-1-1024x768.jpg 1024w, http:\/\/ttc-rieseberg-scheppau.de\/wp-content\/uploads\/2021\/09\/44ecb8f0-7650-4494-9a76-48be4c5747eb-1-300x225.jpg 300w, http:\/\/ttc-rieseberg-scheppau.de\/wp-content\/uploads\/2021\/09\/44ecb8f0-7650-4494-9a76-48be4c5747eb-1-768x576.jpg 768w, http:\/\/ttc-rieseberg-scheppau.de\/wp-content\/uploads\/2021\/09\/44ecb8f0-7650-4494-9a76-48be4c5747eb-1-1536x1152.jpg 1536w, http:\/\/ttc-rieseberg-scheppau.de\/wp-content\/uploads\/2021\/09\/44ecb8f0-7650-4494-9a76-48be4c5747eb-1-1x1.jpg 1w, http:\/\/ttc-rieseberg-scheppau.de\/wp-content\/uploads\/2021\/09\/44ecb8f0-7650-4494-9a76-48be4c5747eb-1.jpg 1600w\" sizes=\"auto, (max-width: 1024px) 100vw, 1024px\" \/><\/figure>\r\n<\/li>\r\n<\/ul>\r\n<\/figure>\r\n<div class=\"pvc_clear\"><\/div><p id=\"pvc_stats_78\" class=\"pvc_stats all  \" data-element-id=\"78\" style=\"\"><i class=\"pvc-stats-icon medium\" aria-hidden=\"true\"><svg aria-hidden=\"true\" focusable=\"false\" data-prefix=\"far\" data-icon=\"chart-bar\" role=\"img\" xmlns=\"http:\/\/www.w3.org\/2000\/svg\" viewBox=\"0 0 512 512\" class=\"svg-inline--fa fa-chart-bar fa-w-16 fa-2x\"><path fill=\"currentColor\" d=\"M396.8 352h22.4c6.4 0 12.8-6.4 12.8-12.8V108.8c0-6.4-6.4-12.8-12.8-12.8h-22.4c-6.4 0-12.8 6.4-12.8 12.8v230.4c0 6.4 6.4 12.8 12.8 12.8zm-192 0h22.4c6.4 0 12.8-6.4 12.8-12.8V140.8c0-6.4-6.4-12.8-12.8-12.8h-22.4c-6.4 0-12.8 6.4-12.8 12.8v198.4c0 6.4 6.4 12.8 12.8 12.8zm96 0h22.4c6.4 0 12.8-6.4 12.8-12.8V204.8c0-6.4-6.4-12.8-12.8-12.8h-22.4c-6.4 0-12.8 6.4-12.8 12.8v134.4c0 6.4 6.4 12.8 12.8 12.8zM496 400H48V80c0-8.84-7.16-16-16-16H16C7.16 64 0 71.16 0 80v336c0 17.67 14.33 32 32 32h464c8.84 0 16-7.16 16-16v-16c0-8.84-7.16-16-16-16zm-387.2-48h22.4c6.4 0 12.8-6.4 12.8-12.8v-70.4c0-6.4-6.4-12.8-12.8-12.8h-22.4c-6.4 0-12.8 6.4-12.8 12.8v70.4c0 6.4 6.4 12.8 12.8 12.8z\" class=\"\"><\/path><\/svg><\/i> <img loading=\"lazy\" decoding=\"async\" width=\"16\" height=\"16\" alt=\"Loading\" src=\"http:\/\/ttc-rieseberg-scheppau.de\/wp-content\/plugins\/page-views-count\/ajax-loader-2x.gif\" border=0 \/><\/p><div class=\"pvc_clear\"><\/div>","protected":false},"excerpt":{"rendered":"<p>Tischtennis &#8211; Die Gr\u00fcndungssparte Als im Jahre 1948 der TTC das Licht der Welt erblickte war das auch der Startschuss f\u00fcr unsere Tischtennissparte. Aktuell bestehen unsere\u00a0 drei Tischtennis Mannschaften aus 17 aktiven Spielern, die in der 2.Kreisklasse Helmstedt Nord und 4 KK. Helmstedt Nord auf Punktejagd gehen.\u00a0 Unsere Tischtennisspieler sind nicht nur am Tisch sehr [&hellip;]<\/p>\n<div class=\"pvc_clear\"><\/div>\n<p id=\"pvc_stats_78\" class=\"pvc_stats all  \" data-element-id=\"78\" style=\"\"><i class=\"pvc-stats-icon medium\" aria-hidden=\"true\"><svg aria-hidden=\"true\" focusable=\"false\" data-prefix=\"far\" data-icon=\"chart-bar\" role=\"img\" xmlns=\"http:\/\/www.w3.org\/2000\/svg\" viewBox=\"0 0 512 512\" class=\"svg-inline--fa fa-chart-bar fa-w-16 fa-2x\"><path fill=\"currentColor\" d=\"M396.8 352h22.4c6.4 0 12.8-6.4 12.8-12.8V108.8c0-6.4-6.4-12.8-12.8-12.8h-22.4c-6.4 0-12.8 6.4-12.8 12.8v230.4c0 6.4 6.4 12.8 12.8 12.8zm-192 0h22.4c6.4 0 12.8-6.4 12.8-12.8V140.8c0-6.4-6.4-12.8-12.8-12.8h-22.4c-6.4 0-12.8 6.4-12.8 12.8v198.4c0 6.4 6.4 12.8 12.8 12.8zm96 0h22.4c6.4 0 12.8-6.4 12.8-12.8V204.8c0-6.4-6.4-12.8-12.8-12.8h-22.4c-6.4 0-12.8 6.4-12.8 12.8v134.4c0 6.4 6.4 12.8 12.8 12.8zM496 400H48V80c0-8.84-7.16-16-16-16H16C7.16 64 0 71.16 0 80v336c0 17.67 14.33 32 32 32h464c8.84 0 16-7.16 16-16v-16c0-8.84-7.16-16-16-16zm-387.2-48h22.4c6.4 0 12.8-6.4 12.8-12.8v-70.4c0-6.4-6.4-12.8-12.8-12.8h-22.4c-6.4 0-12.8 6.4-12.8 12.8v70.4c0 6.4 6.4 12.8 12.8 12.8z\" class=\"\"><\/path><\/svg><\/i> <img loading=\"lazy\" decoding=\"async\" width=\"16\" height=\"16\" alt=\"Loading\" src=\"http:\/\/ttc-rieseberg-scheppau.de\/wp-content\/plugins\/page-views-count\/ajax-loader-2x.gif\" border=0 \/><\/p>\n<div class=\"pvc_clear\"><\/div>\n","protected":false},"author":1,"featured_media":0,"parent":0,"menu_order":0,"comment_status":"closed","ping_status":"closed","template":"","meta":{"footnotes":""},"class_list":["post-78","page","type-page","status-publish","hentry"],"_links":{"self":[{"href":"http:\/\/ttc-rieseberg-scheppau.de\/index.php?rest_route=\/wp\/v2\/pages\/78","targetHints":{"allow":["GET"]}}],"collection":[{"href":"http:\/\/ttc-rieseberg-scheppau.de\/index.php?rest_route=\/wp\/v2\/pages"}],"about":[{"href":"http:\/\/ttc-rieseberg-scheppau.de\/index.php?rest_route=\/wp\/v2\/types\/page"}],"author":[{"embeddable":true,"href":"http:\/\/ttc-rieseberg-scheppau.de\/index.php?rest_route=\/wp\/v2\/users\/1"}],"replies":[{"embeddable":true,"href":"http:\/\/ttc-rieseberg-scheppau.de\/index.php?rest_route=%2Fwp%2Fv2%2Fcomments&post=78"}],"version-history":[{"count":37,"href":"http:\/\/ttc-rieseberg-scheppau.de\/index.php?rest_route=\/wp\/v2\/pages\/78\/revisions"}],"predecessor-version":[{"id":997,"href":"http:\/\/ttc-rieseberg-scheppau.de\/index.php?rest_route=\/wp\/v2\/pages\/78\/revisions\/997"}],"wp:attachment":[{"href":"http:\/\/ttc-rieseberg-scheppau.de\/index.php?rest_route=%2Fwp%2Fv2%2Fmedia&parent=78"}],"curies":[{"name":"wp","href":"https:\/\/api.w.org\/{rel}","templated":true}]}}